{"id":240,"date":"2024-02-27T19:11:54","date_gmt":"2024-02-27T18:11:54","guid":{"rendered":"https:\/\/dreamonmed.com\/?page_id=240"},"modified":"2024-02-27T19:12:52","modified_gmt":"2024-02-27T18:12:52","slug":"datenschutz","status":"publish","type":"page","link":"https:\/\/dreamonmed.com\/de\/datenschutz\/","title":{"rendered":"Datenschutz"},"content":{"rendered":"<p><b>Kedves P\u00e1ciens\u00fcnk! K\u00e9rj\u00fck, figyelmesen olvassa el az al\u00e1bbiakat:<\/b><\/p>\n<p>Jelen Adatkezel\u00e9si t\u00e1j\u00e9koztat\u00f3 (a tov\u00e1bbiakban: Szab\u00e1lyzat) c\u00e9lja, hogy egys\u00e9gesen, \u00e9rtelmezhet\u0151en \u00e9s \u00e1ttekinthet\u0151en szab\u00e1lyozza a New Dream Plastic Kft. (a tov\u00e1bbiakban: NDP) \u00e1ltal \u00fczemeltetett plasztikai seb\u00e9szet m\u0171k\u00f6d\u00e9se sor\u00e1n az adatkezel\u00e9st, ez\u00e1ltal megval\u00f3s\u00edtva a hat\u00e1lyos magyar jogszab\u00e1lyoknak teljes m\u00e9rt\u00e9kben megfelel\u0151 \u00fczleti elj\u00e1r\u00e1st.<\/p>\n<p>A New Dream PLastic Kft. fontosnak tartja az adatv\u00e9delemmel kapcsolatos jogszab\u00e1lyokban foglaltak betart\u00e1s\u00e1t, ez\u00e9rt megalkotta a jelen Szab\u00e1lyzatot, amely t\u00e1j\u00e9koztat\u00e1st ny\u00fajt a P\u00e1ciensek sz\u00e1m\u00e1ra az adatkezel\u00e9ssel kapcsolatos f\u0151bb szab\u00e1lyokr\u00f3l, a kezelt adatok k\u00f6r\u00e9r\u0151l, a kezel\u00e9s m\u00f3dj\u00e1r\u00f3l,c\u00e9lj\u00e1r\u00f3l, az adatkezel\u00e9ssel kapcsolatos egy\u00e9b k\u00e9rd\u00e9sekr\u0151l.<\/p>\n<p>A NDP a hat\u00e1lyos jogszab\u00e1lyokban, \u00edgy az inform\u00e1ci\u00f3s \u00f6nrendelkez\u00e9si jogr\u00f3l \u00e9s az inform\u00e1ci\u00f3szabads\u00e1gr\u00f3l sz\u00f3l\u00f3 2011. \u00e9vi CXII. t\u00f6rv\u00e9nyben (a tov\u00e1bbiakban adatv\u00e9delmi t\u00f6rv\u00e9ny) foglalt k\u00f6telezetts\u00e9g\u00e9nek eleget t\u00e9ve az al\u00e1bbiakban t\u00e1j\u00e9koztatja T. P\u00e1cienseit az adatkezel\u00e9sr\u0151l:<\/p>\n<h3><b>Adatkezel\u0151:<\/b><\/h3>\n<p><b>Adatkezel\u0151:<\/b><\/p>\n<p>New Dream Plastic Kft.<br \/>\nSz\u00e9khely: 9400 Sopron, Lackner Krist\u00f3f u. 33\/a<\/p>\n<h3><b>A kezelt adatok k\u00f6re:<\/b><\/h3>\n<p>A NDP \u00e1ltal kezelt adatok k\u00f6r\u00e9be az al\u00e1bbi adatok tartoznak:<\/p>\n<p>a.) eg\u00e9szs\u00e9g\u00fcgyi adat: az \u00e9rintett testi, \u00e9rtelmi \u00e9s lelki \u00e1llapot\u00e1ra, k\u00f3ros szenved\u00e9ly\u00e9re, valamint a megbeteged\u00e9s, illetve az elhal\u00e1loz\u00e1s k\u00f6r\u00fclm\u00e9nyeire, a hal\u00e1l ok\u00e1ra vonatkoz\u00f3, \u00e1ltala vagy r\u00f3la m\u00e1s szem\u00e9ly \u00e1ltal k\u00f6z\u00f6lt, illetve az eg\u00e9szs\u00e9g\u00fcgyi ell\u00e1t\u00f3h\u00e1l\u00f3zat \u00e1ltal \u00e9szlelt, vizsg\u00e1lt, m\u00e9rt, lek\u00e9pzett vagy sz\u00e1rmaztatott adat; tov\u00e1bb\u00e1 az el\u0151z\u0151ekkel kapcsolatba hozhat\u00f3, az azokat befoly\u00e1sol\u00f3 mindennem\u0171 adat (pl. magatart\u00e1s, k\u00f6rnyezet, foglalkoz\u00e1s);<\/p>\n<p>b.) szem\u00e9lyazonos\u00edt\u00f3 adat: a csal\u00e1di \u00e9s ut\u00f3n\u00e9v, le\u00e1nykori n\u00e9v, a nem, a sz\u00fclet\u00e9si hely \u00e9s id\u0151, az anya le\u00e1nykori csal\u00e1di \u00e9s ut\u00f3neve, a lak\u00f3hely, a tart\u00f3zkod\u00e1si hely, a t\u00e1rsadalombiztos\u00edt\u00e1si azonos\u00edt\u00f3 jel (a tov\u00e1bbiakban: TAJ sz\u00e1m) egy\u00fcttesen vagy ezek k\u00f6z\u00fcl b\u00e1rmelyik, amennyiben alkalmas, vagy alkalmas lehet az \u00e9rintett azonos\u00edt\u00e1s\u00e1ra;<\/p>\n<p>c.) \u00f6nk\u00e9ntes adatok: e-mail c\u00edme<\/p>\n<h3><b>Az adatkezel\u00e9s c\u00e9lja:<\/b><\/h3>\n<p>A NDP az \u00e9rintettel az adat felv\u00e9tele el\u0151tt k\u00f6zli, hogy az adatszolg\u00e1ltat\u00e1s \u00f6nk\u00e9ntes, vagy k\u00f6telez\u0151. Az egyes \u0171rlapokon a k\u00f6telez\u0151en megadott szem\u00e9lyes adatok kezel\u00e9s\u00e9nek c\u00e9lja a NMC szolg\u00e1ltat\u00e1sainak ig\u00e9nybev\u00e9tele, A P\u00e1ciens azonos\u00edt\u00e1sa, a NMC \u00e9s a szolg\u00e1ltat\u00e1st ig\u00e9nybevev\u0151 k\u00f6z\u00f6tti kommunik\u00e1ci\u00f3, illetve kapcsolatfelv\u00e9tel lehet\u0151s\u00e9g\u00e9nek biztos\u00edt\u00e1sa.<\/p>\n<p>Az eg\u00e9szs\u00e9g\u00fcgyi \u00e9s szem\u00e9lyazonos\u00edt\u00f3 adatok eset\u00e9ben a NMC az eg\u00e9szs\u00e9g\u00fcgyi \u00e9s hozz\u00e1juk kapcsol\u00f3d\u00f3 szem\u00e9lyes adatok kezel\u00e9s\u00e9r\u0151l \u00e9s v\u00e9delm\u00e9r\u0151l sz\u00f3l\u00f3 1997. \u00e9vi XLVII. t\u00f6rv\u00e9ny szerint j\u00e1runk el.<\/p>\n<p><b>Az eg\u00e9szs\u00e9g\u00fcgyi \u00e9s szem\u00e9lyazonos\u00edt\u00f3 adat kezel\u00e9s\u00e9nek c\u00e9lja:<\/b><\/p>\n<ul>\n<li aria-level=\"1\">az eg\u00e9szs\u00e9g meg\u0151rz\u00e9s\u00e9nek, jav\u00edt\u00e1s\u00e1nak, fenntart\u00e1s\u00e1nak el\u0151mozd\u00edt\u00e1sa,<\/li>\n<li aria-level=\"1\">a betegell\u00e1t\u00f3 eredm\u00e9nyes gy\u00f3gykezel\u00e9si tev\u00e9kenys\u00e9g\u00e9nek el\u0151seg\u00edt\u00e9se, ide\u00e9rtve a szakfel\u00fcgyeleti tev\u00e9kenys\u00e9get is,<\/li>\n<li aria-level=\"1\">az \u00e9rintett eg\u00e9szs\u00e9gi \u00e1llapot\u00e1nak nyomon k\u00f6vet\u00e9se,<\/li>\n<li aria-level=\"1\">a n\u00e9peg\u00e9szs\u00e9g\u00fcgyi [16.\u00a7], k\u00f6zeg\u00e9szs\u00e9g\u00fcgyi \u00e9s j\u00e1rv\u00e1ny\u00fcgyi \u00e9rdekb\u0151l sz\u00fcks\u00e9gess\u00e9 v\u00e1l\u00f3 int\u00e9zked\u00e9sek megt\u00e9tele,<\/li>\n<li aria-level=\"1\">a betegjogok \u00e9rv\u00e9nyes\u00edt\u00e9se.<\/li>\n<\/ul>\n<p>Az opcion\u00e1lis adatok kezel\u00e9s\u00e9nek c\u00e9lja, hogy a P\u00e1ciens \u00f6nk\u00e9ntes \u00e9s hat\u00e1rozott d\u00f6nt\u00e9se alapj\u00e1n ezeket az adatok a NMC sz\u00e1m\u00e1ra el\u00e9rhet\u0151v\u00e9 tegye. A P\u00e1ciens el\u0151zetes t\u00e1j\u00e9koztat\u00e1son alapul\u00f3 hozz\u00e1j\u00e1rul\u00e1sa n\u00e9lk\u00fcl a megjel\u00f6lt c\u00e9lokt\u00f3l elt\u00e9r\u0151 c\u00e9lra a szem\u00e9lyes adatokat nem haszn\u00e1ljuk, harmadik szem\u00e9lynek adatokat nem adunk \u00e1t. A megadott adatok kezel\u00e9se az P\u00e1ciens \u00f6nk\u00e9ntes hozz\u00e1j\u00e1rul\u00e1s\u00e1val t\u00f6rt\u00e9nik:<\/p>\n<p>A regisztr\u00e1ci\u00f3 sor\u00e1n \u2013 \u00e9s \u00edgy a szolg\u00e1ltat\u00e1s ig\u00e9nybev\u00e9tel\u00e9hez kapcsol\u00f3d\u00f3an \u2013 egyes adatok megad\u00e1sa k\u00f6telez\u0151, amelyek a szolg\u00e1ltat\u00e1s ig\u00e9nybev\u00e9tel\u00e9hez elengedhetetlen fontoss\u00e1g\u00faak, ezek n\u00e9lk\u00fcl ugyanis a regisztr\u00e1ci\u00f3 nem t\u00f6rt\u00e9nhet meg eredm\u00e9nyesen. A k\u00f6telez\u0151en megadand\u00f3 adatok k\u00f6re a k\u00f6vetkez\u0151: n\u00e9v, sz\u00fclet\u00e9si hely \u00e9s id\u0151, TAJ sz\u00e1m, lakc\u00edm, anyja neve, telefonsz\u00e1m.<\/p>\n<p>A NMC semmilyen szankci\u00f3t nem \u00e9rv\u00e9nyes\u00edt az olyan P\u00e1ciensekkel szemben, \u00e9s nem r\u00e9szes\u00edti h\u00e1tr\u00e1nyban az olyan P\u00e1cienst, aki a nem k\u00f6telez\u0151 adatszolg\u00e1ltat\u00e1st megtagadja. A NDP jelen szab\u00e1lyzatban foglalt adatkezel\u00e9se a P\u00e1ciens \u00e1ltal megadott \u00f6sszes adatra kiterjed.<\/p>\n<h3><b>T\u00e1j\u00e9koztat\u00e1s az adatkezel\u00e9sr\u0151l, az adatkezel\u00e9s id\u0151tartama:<\/b><\/h3>\n<p>A szem\u00e9lyes adatok kezel\u00e9s\u00e9vel kapcsolatos minden t\u00e9nyr\u0151l P\u00e1cienseinket egy\u00e9rtelm\u0171en \u00e9s r\u00e9szletesen t\u00e1j\u00e9koztatjuk, \u00edgy k\u00fcl\u00f6n\u00f6sen az adatkezel\u00e9s c\u00e9lj\u00e1r\u00f3l \u00e9s jogalapj\u00e1r\u00f3l, az adatkezel\u00e9sre \u00e9s az adatfeldolgoz\u00e1sra jogosult szem\u00e9ly\u00e9r\u0151l, az adatkezel\u00e9s id\u0151tartam\u00e1r\u00f3l, illetve arr\u00f3l, hogy kik ismerhetik meg az adatokat. NDP t\u00e1j\u00e9koztat\u00e1sa kiterjed az \u00e9rintett adatkezel\u00e9ssel kapcsolatos jogaira \u00e9s jogorvoslati lehet\u0151s\u00e9geire is.<\/p>\n<p>Az adatkezel\u0151 k\u00e9r\u00e9sre 30 napon bel\u00fcl \u00edr\u00e1sban t\u00e1j\u00e9koztat\u00e1st ad az \u00e9rintettnek az \u00e1ltala kezelt adatair\u00f3l, az adatkezel\u00e9s c\u00e9lj\u00e1r\u00f3l, jogalapj\u00e1r\u00f3l, id\u0151tartam\u00e1r\u00f3l, az adatfeldolgoz\u00f3 nev\u00e9r\u0151l, c\u00edm\u00e9r\u0151l (sz\u00e9khely\u00e9r\u0151l) \u00e9s az adatkezel\u00e9ssel \u00f6sszef\u00fcgg\u0151 tev\u00e9kenys\u00e9g\u00e9r\u0151l, tov\u00e1bb\u00e1 arr\u00f3l, hogy kik \u00e9s milyen c\u00e9lb\u00f3l kapj\u00e1k vagy kapt\u00e1k meg az adatokat. A t\u00e1j\u00e9koztat\u00e1s az adatkezel\u0151 levelez\u00e9si c\u00edmen k\u00e9rheti b\u00e1rki, levelez\u00e9si c\u00edm\u00e9nek megad\u00e1s\u00e1val.<\/p>\n<p>P\u00e1ciens\u00fcnk k\u00e9r\u00e9s\u00e9re szem\u00e9lyes adatait m\u00f3dos\u00edtjuk, helyesb\u00edtj\u00fck, z\u00e1roljuk, vagy t\u00f6r\u00f6lj\u00fck rendszer\u00fcnkb\u0151l. Ez ir\u00e1ny\u00fa k\u00e9r\u00e9seiket lev\u00e9lben az al\u00e1bbi levelez\u00e9si c\u00edmen 9400 Sopron, Lackner Krist\u00f3f u. 33\/a) illetve e-mail-ben az info@dreamonmed.com e-mail c\u00edmen k\u00e9rhetik. T\u00e1j\u00e9koztatjuk, hogy a hozz\u00e1j\u00e1rul\u00e1son alapul\u00f3 adatkezel\u00e9st a P\u00e1ciens hozz\u00e1j\u00e1rul\u00e1s\u00e1nak visszavon\u00e1s\u00e1ig kezelj\u00fck.<\/p>\n<h3><b>Az adatokhoz hozz\u00e1f\u00e9r\u0151k k\u00f6re, adatfeldolgoz\u00f3k:<\/b><\/h3>\n<p>A P\u00e1ciensek \u00e1ltal rendelkez\u00e9sre bocs\u00e1tott szem\u00e9lyes, nem nyilv\u00e1nos adatokhoz kiz\u00e1r\u00f3lag a NDP erre kijel\u00f6lt munkat\u00e1rsai f\u00e9rhetnek hozz\u00e1. A NDP az \u00e1ltala kezelt szem\u00e9lyes adatokat harmadik szem\u00e9ly, vagy szem\u00e9lyek sz\u00e1m\u00e1ra \u2013 a hat\u00e1lyos jogszab\u00e1lyokban el\u0151\u00edrt k\u00f6telez\u0151 esetek kiv\u00e9tel\u00e9vel, illetve az \u00e9rintett hozz\u00e1j\u00e1rul\u00e1sa n\u00e9lk\u00fcl \u2013 semmilyen k\u00f6r\u00fclm\u00e9nyek k\u00f6z\u00f6tt nem tov\u00e1bb\u00edtja.<\/p>\n<p>A kezelt szem\u00e9lyes adatok biztons\u00e1gos t\u00e1rol\u00e1sa \u00e9rdek\u00e9ben, valamint jogosulatlan felhaszn\u00e1l\u00e1sa \u00e9s az azzal kapcsolatos vissza\u00e9l\u00e9sek elker\u00fcl\u00e9se \u00e9rdek\u00e9ben t\u00e1rsas\u00e1gunk megteszi a megfelel\u0151 int\u00e9zked\u00e9seket.<\/p>\n<p>A NDP tudom\u00e1ssal rendelkezik arr\u00f3l, hogy az adatkezel\u0151, illet\u0151leg tev\u00e9kenys\u00e9gi k\u00f6r\u00e9ben az adatfeldolgoz\u00f3 k\u00f6teles gondoskodni az adatok biztons\u00e1g\u00e1r\u00f3l, k\u00f6teles tov\u00e1bb\u00e1 megtenni azokat a technikai \u00e9s szervez\u00e9si int\u00e9zked\u00e9seket \u00e9s kialak\u00edtani azokat az elj\u00e1r\u00e1si szab\u00e1lyokat, amelyek e t\u00f6rv\u00e9ny, valamint az egy\u00e9b adat- \u00e9s titokv\u00e9delmi szab\u00e1lyok \u00e9rv\u00e9nyre juttat\u00e1s\u00e1hoz sz\u00fcks\u00e9gesek.<\/p>\n<p>Az adatokat \u2013 kiemelten az \u00e1llamtitokk\u00e1 \u00e9s a szolg\u00e1lati titokk\u00e1 min\u0151s\u00edtett szem\u00e9lyes adatot \u2013 v\u00e9deni kell k\u00fcl\u00f6n\u00f6sen a jogosulatlan hozz\u00e1f\u00e9r\u00e9s, megv\u00e1ltoztat\u00e1s, nyilv\u00e1noss\u00e1gra hoz\u00e1s, vagy t\u00f6rl\u00e9s, illet\u0151leg s\u00e9r\u00fcl\u00e9s, vagy a megsemmis\u00fcl\u00e9s ellen.<\/p>\n<p>Az adatok akkor tov\u00e1bb\u00edthat\u00f3k, valamint a k\u00fcl\u00f6nb\u00f6z\u0151 adatkezel\u00e9sek akkor kapcsolhat\u00f3k \u00f6ssze, ha az \u00e9rintett ahhoz hozz\u00e1j\u00e1rult, vagy t\u00f6rv\u00e9ny azt megengedi, \u00e9s ha az adatkezel\u00e9s felt\u00e9telei minden egyes szem\u00e9lyes adatra n\u00e9zve teljes\u00fclnek.<\/p>\n<h3><b>A P\u00e1ciensek szem\u00e9lyes adataik kezel\u00e9s\u00e9vel kapcsolatos jogai, az adatt\u00f6rl\u00e9s:<\/b><\/h3>\n<p>A NDP k\u00f6telezetts\u00e9get v\u00e1llal arra, hogy P\u00e1cienseinek b\u00e1rmely adat\u00e1nak felv\u00e9tele, r\u00f6gz\u00edt\u00e9se, kezel\u00e9se el\u0151tt vil\u00e1gos, figyelemfelkelt\u0151 \u00e9s egy\u00e9rtelm\u0171 k\u00f6zl\u00e9st tesz k\u00f6zz\u00e9, amelyben t\u00e1j\u00e9koztatja \u0151t az adatfelv\u00e9tel m\u00f3dj\u00e1r\u00f3l, c\u00e9lj\u00e1r\u00f3l \u00e9s elveir\u0151l.<\/p>\n<p>Mindezeken t\u00falmen\u0151en, minden olyan esetben, amikor az adatfelv\u00e9telt, kezel\u00e9st, r\u00f6gz\u00edt\u00e9st nem jogszab\u00e1ly teszi k\u00f6telez\u0151v\u00e9 a NDP felh\u00edvja az P\u00e1ciensei figyelm\u00e9t az adatszolg\u00e1ltat\u00e1s \u00f6nk\u00e9ntess\u00e9g\u00e9re. K\u00f6telez\u0151 adatszolg\u00e1ltat\u00e1s eset\u00e9n meg kell jel\u00f6lni az adatkezel\u00e9st elrendel\u0151 jogszab\u00e1lyt is.<\/p>\n<p><b>Adatok t\u00f6rl\u00e9se:<\/b><\/p>\n<p>\u201cAz eg\u00e9szs\u00e9g\u00fcgyi \u00e9s a hozz\u00e1juk kapcsol\u00f3d\u00f3 szem\u00e9lyes adatok kezel\u00e9s\u00e9r\u0151l \u00e9s v\u00e9delm\u00e9r\u0151l sz\u00f3l\u00f3 1997. \u00e9vi XLVII. t\u00f6rv\u00e9ny alapj\u00e1n az eg\u00e9szs\u00e9g\u00fcgyi dokument\u00e1ci\u00f3t az adatfelv\u00e9telt\u0151l sz\u00e1m\u00edtott legal\u00e1bb 30 \u00e9vig \u2013 a k\u00fcl\u00f6n jogszab\u00e1ly szerinti biol\u00f3giai t\u00e9nyez\u0151k hat\u00e1s\u00e1nak kitett munkav\u00e1llal\u00f3 eset\u00e9n 40 \u00e9vig \u2013 a munkak\u00f6ri, illetve szakmai alkalmass\u00e1got els\u0151 fokon elb\u00edr\u00e1l\u00f3 szerv \u0151rzi meg.\u201d<\/p>\n<h3><b>7. Jogorvoslati t\u00e1j\u00e9koztat\u00e1s \u00e9s jog\u00e9rv\u00e9nyes\u00edt\u00e9si lehet\u0151s\u00e9gek<\/b><\/h3>\n<p>K\u00e9rj\u00fck T. P\u00e1cienseinket, amennyiben \u00fagy \u00e9rzik, hogy a NDP megs\u00e9rtette a szem\u00e9lyes adatok v\u00e9delm\u00e9hez f\u0171z\u0151d\u0151 jog\u00e1t, akkor sz\u00edveskedjen felvenni vel\u00fcnk a kapcsolatot, hogy az esetleges jogs\u00e9rt\u00e9st orvosolhassuk.<\/p>\n<p>T\u00e1j\u00e9koztatjuk T. P\u00e1cienseinket, hogy esetleges jogs\u00e9rt\u00e9s eset\u00e9n az inform\u00e1ci\u00f3s \u00f6nrendelkez\u00e9si jogr\u00f3l \u00e9s az inform\u00e1ci\u00f3szabads\u00e1gr\u00f3l sz\u00f3l\u00f3 2011. \u00e9vi CXII. t\u00f6rv\u00e9nyben foglaltak alapj\u00e1n a Nemzeti Adatv\u00e9delmi \u00e9s Inform\u00e1ci\u00f3szabads\u00e1g Hat\u00f3s\u00e1g\u00e1hoz fordulhatnak, illet\u0151leg ig\u00e9ny\u00fcket b\u00edr\u00f3s\u00e1g el\u0151tt is \u00e9rv\u00e9nyes\u00edthetik. Erre, valamint az adatkezel\u0151 k\u00f6telezetts\u00e9geire vonatkoz\u00f3 r\u00e9szletes t\u00f6rv\u00e9nyi rendelkez\u00e9seket az inform\u00e1ci\u00f3s \u00f6nrendelkez\u00e9si jogr\u00f3l \u00e9s az inform\u00e1ci\u00f3szabads\u00e1gr\u00f3l sz\u00f3l\u00f3 2011. \u00e9vi CXII. t\u00f6rv\u00e9ny tartalmazza.<\/p>\n<p><b>A Nemzeti Adatv\u00e9delmi \u00e9s Inform\u00e1ci\u00f3szabads\u00e1g Hivatal el\u00e9rhet\u0151s\u00e9gei az al\u00e1bbiak:<\/b><\/p>\n<p>Levelez\u00e9si c\u00edm: 1534 Budapest, Pf.: 5.<br \/>\nC\u00edm: 1125 Budapest, Szil\u00e1gyi Erzs\u00e9bet fasor 22\/c<br \/>\nTelefon: +36 (1) 391-1400<br \/>\nFax: +36 (1) 391-1410<br \/>\nwww: http:\/\/www.naih.hu<br \/>\ne-mail: ugyfelszolgalat@naih. hu<\/p>\n<p><b>Az al\u00e1bbiakban t\u00e1j\u00e9koztatjuk T. P\u00e1cienseinket az adatalanyt v\u00e9d\u0151 tov\u00e1bbi garanci\u00e1kr\u00f3l:<\/b><\/p>\n<p>Mindenkinek joga van arra, hogy tudom\u00e1st szerezzen a szem\u00e9lyes adatok automatiz\u00e1lt \u00e1llom\u00e1ny\u00e1r\u00f3l, annak f\u0151 c\u00e9ljair\u00f3l, valamint az adat\u00e1llom\u00e1nyt kezel\u0151 szem\u00e9ly\u00e9r\u0151l \u00e9s sz\u00e9khely\u00e9r\u0151l.<\/p>\n<p>Mindenkinek joga van tov\u00e1bb\u00e1 arra, hogy \u00e9sszer\u0171 id\u0151k\u00f6z\u00f6nk\u00e9nt \u00e9s t\u00falzott k\u00e9sedelem, vagy k\u00f6lts\u00e9g n\u00e9lk\u00fcl \u00e9rtes\u00fclj\u00f6n arr\u00f3l, hogy egy automatiz\u00e1lt adat\u00e1llom\u00e1nyban szem\u00e9lyes adatait t\u00e1rolj\u00e1k-e, \u00e9s ezekr\u0151l az adatokr\u00f3l sz\u00e1m\u00e1ra \u00e9rthet\u0151 form\u00e1ban t\u00e1j\u00e9koztass\u00e1k:; indokolt esetben ezeket az adatokat helyesb\u00edttethesse, vagy t\u00f6r\u00f6ltethesse a lehet\u0151 legegyszer\u0171bben \u00e9s leggyorsabban megval\u00f3s\u00edthat\u00f3 m\u00f3don; jogorvoslattal \u00e9lhessen, ha a jogszab\u00e1lyokban foglalt t\u00e1j\u00e9koztat\u00e1si, vagy indokolt esetben k\u00f6zl\u00e9si, helyesb\u00edt\u00e9si, illetve t\u00f6rl\u00e9si k\u00e9relm\u00e9t nem teljes\u00edtik. Az \u00e9rintett k\u00e9relm\u00e9re az adatkezel\u0151 t\u00e1j\u00e9koztat\u00e1st ad az \u00e1ltala kezelt, illet\u0151leg az \u00e1ltala megb\u00edzott feldolgoz\u00f3 \u00e1ltal feldolgozott adatair\u00f3l, az adatkezel\u00e9s c\u00e9lj\u00e1r\u00f3l, jogalapj\u00e1r\u00f3l, id\u0151tartam\u00e1r\u00f3l, az adatfeldolgoz\u00f3 nev\u00e9r\u0151l, c\u00edm\u00e9r\u0151l (sz\u00e9khely\u00e9r\u0151l) \u00e9s az adatkezel\u00e9ssel \u00f6sszef\u00fcgg\u0151 tev\u00e9kenys\u00e9g\u00e9r\u0151l, tov\u00e1bb\u00e1 arr\u00f3l, hogy kik \u00e9s milyen c\u00e9lb\u00f3l kapj\u00e1k, vagy kapt\u00e1k meg az adatokat.<\/p>\n<p>Az adatkezel\u0151 k\u00f6teles a k\u00e9relem beny\u00fajt\u00e1s\u00e1t\u00f3l sz\u00e1m\u00edtott legr\u00f6videbb id\u0151 alatt, legfeljebb azonban 30 napon bel\u00fcl \u00edr\u00e1sban, k\u00f6z\u00e9rthet\u0151 form\u00e1ban megadni a t\u00e1j\u00e9koztat\u00e1st. Az \u00e9rintett, jogainak megs\u00e9rt\u00e9se eset\u00e9n, az adatkezel\u0151 ellen a b\u00edr\u00f3s\u00e1ghoz fordulhat. Az adatkezel\u0151 az \u00e9rintett adatainak jogellenes kezel\u00e9s\u00e9vel, vagy a technikai adatv\u00e9delem k\u00f6vetelm\u00e9nyeinek megszeg\u00e9s\u00e9vel m\u00e1snak okozott k\u00e1rt k\u00f6teles megt\u00e9r\u00edteni.<\/p>\n<p>Az \u00e9rintettel szemben az adatkezel\u0151 felel az adatfeldolgoz\u00f3 \u00e1ltal okozott k\u00e1r\u00e9rt is. Az adatkezel\u0151 mentes\u00fcl a felel\u0151ss\u00e9g al\u00f3l, ha bizony\u00edtja, hogy a k\u00e1rt az adatkezel\u00e9s k\u00f6r\u00e9n k\u00edv\u00fcl es\u0151 elh\u00e1r\u00edthatatlan ok id\u00e9zte el\u0151. Nem kell megt\u00e9r\u00edteni a k\u00e1rt annyiban, amennyiben az a k\u00e1rosult sz\u00e1nd\u00e9kos, vagy s\u00falyosan gondatlan magatart\u00e1s\u00e1b\u00f3l sz\u00e1rmazott.<\/p>\n<h3><b>Egyebek:<\/b><\/h3>\n<p>A NDP fenntartja a jogot, hogy az adatv\u00e9delmi nyilatkozat\u00e1t megv\u00e1ltoztassa. Erre k\u00fcl\u00f6n\u00f6sen akkor ker\u00fclhet sor, ha jogszab\u00e1ly ezt k\u00f6telez\u0151v\u00e9 teszi. Az adatkezel\u00e9s megv\u00e1ltoz\u00e1sa nem jelentheti a szem\u00e9lyes adatok c\u00e9lt\u00f3l elt\u00e9r\u0151 kezel\u00e9s\u00e9t.<\/p>\n<p>Az adatokat minden esetben a 2011. \u00e9vi CXII. t\u00f6rv\u00e9ny 5. \u00a7 (1) bekezd\u00e9s a) pontja \u00e9s (2) bekezd\u00e9s a) pontja alapj\u00e1n kezelj\u00fck.<\/p>\n<p><b>A NDP k\u00f6telezi mag\u00e1t, hogy<\/b><\/p>\n<ul>\n<li aria-level=\"1\">gondoskodik az adatok biztons\u00e1g\u00e1r\u00f3l, megteszi tov\u00e1bb\u00e1 azokat a technikai \u00e9s szervez\u00e9si int\u00e9zked\u00e9seket \u00e9s kialak\u00edtja azokat az elj\u00e1r\u00e1si szab\u00e1lyokat, amelyek biztos\u00edtj\u00e1k, hogy a felvett, t\u00e1rolt, illetve kezelt adatok v\u00e9dettek legyenek, illet\u0151leg megakad\u00e1lyozza azok megsemmis\u00fcl\u00e9s\u00e9t, jogosulatlan felhaszn\u00e1l\u00e1s\u00e1t \u00e9s jogosulatlan megv\u00e1ltoztat\u00e1s\u00e1t.<\/li>\n<li aria-level=\"1\">minden olyan harmadik felet, akiknek az adatokat esetlegesen tov\u00e1bb\u00edtja, vagy \u00e1tadja, ugyancsak felh\u00edvja ez ir\u00e1ny\u00fa k\u00f6telezetts\u00e9geinek teljes\u00edt\u00e9s\u00e9re.<\/li>\n<li aria-level=\"1\">a NDP ez\u00faton teszi k\u00f6zz\u00e9 az adatv\u00e9delmi \u00e9s \u2013 kezel\u00e9si elveit \u00e9s politik\u00e1j\u00e1t \u2013 melyet mag\u00e1ra n\u00e9zve k\u00f6telez\u0151 er\u0151vel ismer el.<\/li>\n<li aria-level=\"1\">Jelen szab\u00e1lyok kialak\u00edt\u00e1sakor k\u00fcl\u00f6n\u00f6s tekintettel vett\u00fck figyelembe az 2011. \u00e9vi CXII. t\u00f6rv\u00e9ny az inform\u00e1ci\u00f3s \u00f6nrendelkez\u00e9si jogr\u00f3l \u00e9s az inform\u00e1ci\u00f3szabads\u00e1gr\u00f3l, az 1998. \u00e9vi VI. t\u00f6rv\u00e9ny az egy\u00e9nek v\u00e9delm\u00e9r\u0151l a szem\u00e9lyes adatok g\u00e9pi feldolgoz\u00e1sa sor\u00e1n, Strasbourgban, 1981. janu\u00e1r 28. napj\u00e1n kelt Egyezm\u00e9ny kihirdet\u00e9s\u00e9r\u0151l rendelkez\u00e9seit.<\/li>\n<li aria-level=\"1\">A jelen szab\u00e1lyzat c\u00e9lja, hogy szolg\u00e1ltat\u00e1saink minden ter\u00fclet\u00e9n, minden egy\u00e9n sz\u00e1m\u00e1ra, tekintet n\u00e9lk\u00fcl nemzetis\u00e9g\u00e9re vagy lak\u00f3hely\u00e9re, biztos\u00edtva legyen, hogy jogait \u00e9s alapvet\u0151 szabads\u00e1gjogait, k\u00fcl\u00f6n\u00f6sen a mag\u00e1n\u00e9lethez val\u00f3 jog\u00e1t tiszteletben tarts\u00e1k a szem\u00e9lyes adatainak g\u00e9pi feldolgoz\u00e1sa sor\u00e1n (adatv\u00e9delem).<\/li>\n<\/ul>\n<p><b>A NDP az al\u00e1bbiakban r\u00f6gz\u00edtett, szem\u00e9lyes adatokra vonatkoz\u00f3 k\u00f6vetelm\u00e9nyekre is figyelemmel van a g\u00e9pi feldolgoz\u00e1s sor\u00e1n<\/b><\/p>\n<ol>\n<li aria-level=\"1\">az adatokat csak tisztess\u00e9gesen \u00e9s t\u00f6rv\u00e9nyesen szabad megszerezni \u00e9s feldolgozni;<\/li>\n<li aria-level=\"1\">az adatokat csak meghat\u00e1rozott \u00e9s t\u00f6rv\u00e9nyes c\u00e9lra szabad t\u00e1rolni, \u00e9s att\u00f3l elt\u00e9r\u0151 m\u00f3don nem szabad felhaszn\u00e1lni;<\/li>\n<li aria-level=\"1\">az adatoknak t\u00e1rol\u00e1suk c\u00e9lj\u00e1val ar\u00e1nyban kell \u00e1llniuk, \u00e9s meg kell felelni\u00fck e c\u00e9lnak, azon nem terjeszkedhetnek t\u00fal;<\/li>\n<li aria-level=\"1\">az adatoknak pontosaknak \u00e9s ha sz\u00fcks\u00e9ges, id\u0151szer\u0171eknek kell lenni\u00fck;<\/li>\n<li aria-level=\"1\">az adatok t\u00e1rol\u00e1si m\u00f3dj\u00e1nak olyannak kell lennie, amely az adatalany azonos\u00edt\u00e1s\u00e1t csak a t\u00e1rol\u00e1s c\u00e9lj\u00e1hoz sz\u00fcks\u00e9ges ideig teszi lehet\u0151v\u00e9,<\/li>\n<li aria-level=\"1\">nem lehet g\u00e9pi \u00faton feldolgozni a faji eredetre, a politikai v\u00e9lem\u00e9nyre, a vall\u00e1sos, vagy m\u00e1s meggy\u0151z\u0151d\u00e9sre, valamint az eg\u00e9szs\u00e9gre, a szexu\u00e1lis \u00e9letre vonatkoz\u00f3 szem\u00e9lyes adatokat, kiv\u00e9ve, ha a hazai jog megfelel\u0151 biztos\u00edt\u00e9kokat ny\u00fajt.<\/li>\n<li aria-level=\"1\">Megfelel\u0151 biztons\u00e1gi int\u00e9zked\u00e9seket kell tenni az automatiz\u00e1lt adat\u00e1llom\u00e1nyokban t\u00e1rolt szem\u00e9lyes adatok v\u00e9delme \u00e9rdek\u00e9ben, a v\u00e9letlen vagy jogtalan megsemmis\u00edt\u00e9s, vagy v\u00e9letlen elveszt\u00e9s, valamint a jogtalan hozz\u00e1f\u00e9r\u00e9s, megv\u00e1ltoztat\u00e1s vagy terjeszt\u00e9s megakad\u00e1lyoz\u00e1s\u00e1ra.<\/li>\n<\/ol>\n<h3><b>A NDP felel\u0151ss\u00e9g\u00e9nek kiz\u00e1r\u00e1sa:<\/b><\/h3>\n<p>Amennyiben a NDP tudom\u00e1st szerez arr\u00f3l, hogy a P\u00e1ciense a jelen szab\u00e1lyzatot, valamely harmadik szem\u00e9ly jogait, vagy egy\u00e9bk\u00e9nt a jogszab\u00e1lyokat s\u00e9rt\u0151 m\u00f3don a regisztr\u00e1ci\u00f3 sor\u00e1n m\u00e1s szem\u00e9ly szem\u00e9lyes adatait adja meg, nyilv\u00e1nosan hozz\u00e1f\u00e9rhet\u0151 vagy jogellenesen megszerzett szem\u00e9lyes, vagy egy\u00e9b adatokat harmadik szem\u00e9lyek jogait, vagy jogszab\u00e1lyt s\u00e9rt\u0151 m\u00f3don (p\u00e9ld\u00e1ul direkt marketing c\u00e9lokra) haszn\u00e1lja, vagy egy\u00e9bk\u00e9nt a jelen adatv\u00e9delmi szab\u00e1lyzatban foglalt rendelkez\u00e9seket megszegte, illetve a regisztr\u00e1ci\u00f3 sor\u00e1n b\u00e1rmilyen \u00e9rtelemben vett k\u00e1rt okozott, a NDP megteszi a sz\u00fcks\u00e9ges jogi int\u00e9zked\u00e9seket az okozott k\u00e1r megt\u00e9r\u00edt\u00e9se valamint az elk\u00f6vet\u0151 jogi \u00faton t\u00f6rt\u00e9n\u0151 felel\u0151ss\u00e9gre von\u00e1sa \u00e9rdek\u00e9ben.<\/p>\n<p>A NDP az ilyen esetekben minden t\u0151le telhet\u0151 seg\u00edts\u00e9get megad az elj\u00e1r\u00f3 hat\u00f3s\u00e1goknak a jogs\u00e9rt\u0151 szem\u00e9ly szem\u00e9lyazonoss\u00e1g\u00e1nak meg\u00e1llap\u00edt\u00e1sa c\u00e9lj\u00e1b\u00f3l \u00e9s felel\u0151ss\u00e9gre von\u00e1sa vonatkoz\u00e1s\u00e1ban.<\/p>\n","protected":false},"excerpt":{"rendered":"<p>Kedves P\u00e1ciens\u00fcnk! K\u00e9rj\u00fck, figyelmesen olvassa el az al\u00e1bbiakat: Jelen Adatkezel\u00e9si t\u00e1j\u00e9koztat\u00f3 (a tov\u00e1bbiakban: Szab\u00e1lyzat) c\u00e9lja, hogy egys\u00e9gesen, \u00e9rtelmezhet\u0151en \u00e9s \u00e1ttekinthet\u0151en szab\u00e1lyozza a New Dream Plastic Kft. (a tov\u00e1bbiakban: NDP) \u00e1ltal \u00fczemeltetett plasztikai seb\u00e9szet m\u0171k\u00f6d\u00e9se sor\u00e1n az adatkezel\u00e9st, ez\u00e1ltal megval\u00f3s\u00edtva a hat\u00e1lyos magyar jogszab\u00e1lyoknak teljes m\u00e9rt\u00e9kben megfelel\u0151 \u00fczleti elj\u00e1r\u00e1st. A New Dream PLastic Kft. fontosnak tartja [&hellip;]<\/p>\n","protected":false},"author":1,"featured_media":0,"parent":0,"menu_order":0,"comment_status":"closed","ping_status":"closed","template":"","meta":{"footnotes":""},"class_list":["post-240","page","type-page","status-publish","hentry"],"blocksy_meta":[],"_links":{"self":[{"href":"https:\/\/dreamonmed.com\/de\/wp-json\/wp\/v2\/pages\/240","targetHints":{"allow":["GET"]}}],"collection":[{"href":"https:\/\/dreamonmed.com\/de\/wp-json\/wp\/v2\/pages"}],"about":[{"href":"https:\/\/dreamonmed.com\/de\/wp-json\/wp\/v2\/types\/page"}],"author":[{"embeddable":true,"href":"https:\/\/dreamonmed.com\/de\/wp-json\/wp\/v2\/users\/1"}],"replies":[{"embeddable":true,"href":"https:\/\/dreamonmed.com\/de\/wp-json\/wp\/v2\/comments?post=240"}],"version-history":[{"count":0,"href":"https:\/\/dreamonmed.com\/de\/wp-json\/wp\/v2\/pages\/240\/revisions"}],"wp:attachment":[{"href":"https:\/\/dreamonmed.com\/de\/wp-json\/wp\/v2\/media?parent=240"}],"curies":[{"name":"wp","href":"https:\/\/api.w.org\/{rel}","templated":true}]}}